{"id":259,"date":"2023-04-10T22:34:58","date_gmt":"2023-04-10T20:34:58","guid":{"rendered":"http:\/\/asl-la-chevauchee.fr\/?page_id=259"},"modified":"2024-02-26T13:03:17","modified_gmt":"2024-02-26T12:03:17","slug":"vie-de-la-residence","status":"publish","type":"page","link":"https:\/\/asl-la-chevauchee.fr\/index.php\/vie-de-la-residence\/","title":{"rendered":"Vie de la r\u00e9sidence"},"content":{"rendered":"\n<p><\/p>\n\n\n\n<p><strong>R\u00e8glement de copropri\u00e9t\u00e9 :<\/strong><\/p>\n\n\n\n<p><a href=\"http:\/\/asl-la-chevauchee.fr\/wp-content\/uploads\/2024\/02\/2017-REGLE_COPRO.pdf\" data-type=\"link\" data-id=\"http:\/\/asl-la-chevauchee.fr\/wp-content\/uploads\/2024\/02\/2017-REGLE_COPRO.pdf\" target=\"_blank\" rel=\"noreferrer noopener\">r\u00e8glement de copropri\u00e9t\u00e9 24.11.2017<\/a><\/p>\n\n\n\n<p><\/p>\n\n\n\n<p><\/p>\n\n\n\n<p><\/p>\n\n\n\n<p><\/p>\n\n\n\n<p><strong>Ramassage des ordures :<\/strong><\/p>\n\n\n\n<p><\/p>\n\n\n\n<p>V\u00c9G\u00c9TAUX Tous les mardis apr\u00e8s-midi sauf p\u00e9riode hivernale et jours f\u00e9ri\u00e9s.<\/p>\n\n\n\n<p>ORDURES M\u00c9NAG\u00c8RES tous les jeudi matin &#8211; hors jours f\u00e9ri\u00e9s.<\/p>\n\n\n\n<p>EMBALLAGES &amp; PAPIERS\/CARTONS tous les vendredi matin &#8211; hors jours f\u00e9ri\u00e9s.<\/p>\n\n\n\n<p><\/p>\n\n\n\n<p><\/p>\n\n\n\n<p><\/p>\n\n\n\n<p>COLLECTE DES BIOD\u00c9CHETS tous les samedi matin &#8211; hors jours f\u00e9ri\u00e9s. <\/p>\n\n\n\n<p>s\u2019adresse uniquement aux habitants inscrits \u00e0 la collecte des biod\u00e9chets. Si vous aussi, vous souhaitez \u00eatre volontaires et b\u00e9n\u00e9ficier de la collecte des biod\u00e9chets chez vous ! rendez vous sur le site du SIOM <\/p>\n\n\n\n<p><a href=\"https:\/\/www.siom.fr\/collecte-des-biodechets\/\" data-type=\"URL\" data-id=\"https:\/\/www.siom.fr\/collecte-des-biodechets\/\" target=\"_blank\" rel=\"noreferrer noopener\">https:\/\/www.siom.fr\/collecte-des-biodechets\/<\/a><\/p>\n\n\n\n<p><\/p>\n\n\n\n<p><\/p>\n\n\n\n<p><\/p>\n\n\n\n<p><\/p>\n\n\n\n<p><\/p>\n\n\n\n<p><strong>Encombrants : <\/strong><\/p>\n\n\n\n<p>nous avons la chance d&rsquo;avoir un ramassage mensuel, <\/p>\n\n\n\n<p>tous les 1er Vendredi du mois, <strong>attention<\/strong> il faut qu&rsquo;il soit pr\u00e9c\u00e9d\u00e9 du 1er jeudi du mois, sinon cela d\u00e9cale \u00e0 la semaine suivante.<\/p>\n\n\n\n<p><\/p>\n\n\n\n<p><strong><mark style=\"background-color:rgba(0, 0, 0, 0)\" class=\"has-inline-color has-vivid-red-color\">Merci de sortir vos encombrants uniquement le jeudi soir afin de ne pas g\u00eaner la circulation dans la r\u00e9sidence.<\/mark><\/strong><\/p>\n\n\n\n<p><\/p>\n\n\n\n<p><\/p>\n\n\n\n<p><\/p>\n\n\n\n<p><\/p>\n\n\n\n<p><\/p>\n\n\n\n<p><\/p>\n\n\n\n<p><\/p>\n\n\n\n<p>Vous retrouverez l&rsquo;ensemble des informations sur le site du SIOM <\/p>\n\n\n\n<p><a href=\"https:\/\/www.siom.fr\/infos-pratiques\/jours-et-points-de-collecte\/\" data-type=\"URL\" data-id=\"https:\/\/www.siom.fr\/infos-pratiques\/jours-et-points-de-collecte\/\" target=\"_blank\" rel=\"noreferrer noopener\">https:\/\/www.siom.fr\/infos-pratiques\/jours-et-points-de-collecte\/<\/a><\/p>\n","protected":false},"excerpt":{"rendered":"<p>R\u00e8glement de copropri\u00e9t\u00e9 : r\u00e8glement de copropri\u00e9t\u00e9 24.11.2017 Ramassage des ordures : V\u00c9G\u00c9TAUX Tous les mardis apr\u00e8s-midi sauf p\u00e9riode hivernale et jours f\u00e9ri\u00e9s. ORDURES M\u00c9NAG\u00c8RES tous les jeudi matin &#8211; hors jours f\u00e9ri\u00e9s. EMBALLAGES &amp; PAPIERS\/CARTONS tous les vendredi matin &#8211; hors jours f\u00e9ri\u00e9s. COLLECTE DES BIOD\u00c9CHETS tous les samedi matin &#8211; hors jours f\u00e9ri\u00e9s. [&hellip;]<\/p>\n","protected":false},"author":1,"featured_media":0,"parent":0,"menu_order":0,"comment_status":"closed","ping_status":"closed","template":"","meta":{"footnotes":""},"class_list":["post-259","page","type-page","status-publish","hentry"],"_links":{"self":[{"href":"https:\/\/asl-la-chevauchee.fr\/index.php\/wp-json\/wp\/v2\/pages\/259","targetHints":{"allow":["GET"]}}],"collection":[{"href":"https:\/\/asl-la-chevauchee.fr\/index.php\/wp-json\/wp\/v2\/pages"}],"about":[{"href":"https:\/\/asl-la-chevauchee.fr\/index.php\/wp-json\/wp\/v2\/types\/page"}],"author":[{"embeddable":true,"href":"https:\/\/asl-la-chevauchee.fr\/index.php\/wp-json\/wp\/v2\/users\/1"}],"replies":[{"embeddable":true,"href":"https:\/\/asl-la-chevauchee.fr\/index.php\/wp-json\/wp\/v2\/comments?post=259"}],"version-history":[{"count":7,"href":"https:\/\/asl-la-chevauchee.fr\/index.php\/wp-json\/wp\/v2\/pages\/259\/revisions"}],"predecessor-version":[{"id":290,"href":"https:\/\/asl-la-chevauchee.fr\/index.php\/wp-json\/wp\/v2\/pages\/259\/revisions\/290"}],"wp:attachment":[{"href":"https:\/\/asl-la-chevauchee.fr\/index.php\/wp-json\/wp\/v2\/media?parent=259"}],"curies":[{"name":"wp","href":"https:\/\/api.w.org\/{rel}","templated":true}]}}