{"id":53,"date":"2022-05-05T14:37:30","date_gmt":"2022-05-05T12:37:30","guid":{"rendered":"http:\/\/new.asl-la-chevauchee.fr\/?page_id=53"},"modified":"2024-02-26T13:06:50","modified_gmt":"2024-02-26T12:06:50","slug":"faq","status":"publish","type":"page","link":"https:\/\/asl-la-chevauchee.fr\/index.php\/faq\/","title":{"rendered":"FAQ"},"content":{"rendered":"\n<p>Certaines questions \u00e9tant fr\u00e9quemment pos\u00e9es, voici une liste de r\u00e9ponses pour vous aider :<\/p>\n\n\n\n<p><\/p>\n\n\n\n<p><\/p>\n\n\n\n<ol class=\"wp-block-list\">\n<li><strong>Je souhaite faire des travaux chez moi, quelles sont les d\u00e9marches \u00e0 effectuer aupr\u00e8s de l&rsquo;ASL<\/strong>\n<ul class=\"wp-block-list\">\n<li>Demande de travaux par \u00e9crit (<em>mail<\/em>)<\/li>\n<\/ul>\n<\/li>\n\n\n\n<li><strong>Est ce que le quartier de la Chevauch\u00e9e est raccord\u00e9e \u00e0 la Fibre<\/strong>\n<ul class=\"wp-block-list\">\n<li>Oui, il est possible d&rsquo;avoir un acc\u00e8s en passant par les op\u00e9rateurs (Orange, Bouygues, SFR, &#8230;)<\/li>\n<\/ul>\n<\/li>\n\n\n\n<li><strong>Quelles sont mes obligations par rapport au raccordement \u00e0 la fibre<\/strong>\n<ul class=\"wp-block-list\">\n<li>Lors du raccordement physique, vous ne devez pas d\u00e9t\u00e9riorer l&rsquo;espace commun et vous devez remettre dans l&rsquo;\u00e9tat o\u00f9 vous l&rsquo;avez trouv\u00e9. Il ne doit pas avoir de c\u00e2ble apparent dans les espaces communs du quartier.<\/li>\n<\/ul>\n<\/li>\n\n\n\n<li><strong>Parking<\/strong>\n<ul class=\"wp-block-list\">\n<li>Appartenance \u00e0 la maire, autorisation \u00e0 tous<\/li>\n\n\n\n<li>Si stationnement d&rsquo;une voiture \u00e9pave, signaler \u00e0 la police &#8211;&gt; <em>num\u00e9ro<\/em><\/li>\n<\/ul>\n<\/li>\n\n\n\n<li><strong>Nuisances sonores<\/strong>\n<ul class=\"wp-block-list\">\n<li>Appel m\u00e9diateur<\/li>\n\n\n\n<li>Appel police<\/li>\n<\/ul>\n<\/li>\n\n\n\n<li><strong>Location de la salle de la Chevauch\u00e9e<\/strong>\n<ul class=\"wp-block-list\">\n<li>La salle ne peut \u00eatre utilis\u00e9e \u00e0 titre priv\u00e9. Cette salle est g\u00e9r\u00e9e par la mairie et occup\u00e9e par des associations.<\/li>\n<\/ul>\n<\/li>\n<\/ol>\n\n\n\n<p><\/p>\n\n\n\n<p><\/p>\n","protected":false},"excerpt":{"rendered":"<p>Certaines questions \u00e9tant fr\u00e9quemment pos\u00e9es, voici une liste de r\u00e9ponses pour vous aider :<\/p>\n","protected":false},"author":1,"featured_media":0,"parent":0,"menu_order":0,"comment_status":"closed","ping_status":"closed","template":"","meta":{"footnotes":""},"class_list":["post-53","page","type-page","status-publish","hentry"],"_links":{"self":[{"href":"https:\/\/asl-la-chevauchee.fr\/index.php\/wp-json\/wp\/v2\/pages\/53","targetHints":{"allow":["GET"]}}],"collection":[{"href":"https:\/\/asl-la-chevauchee.fr\/index.php\/wp-json\/wp\/v2\/pages"}],"about":[{"href":"https:\/\/asl-la-chevauchee.fr\/index.php\/wp-json\/wp\/v2\/types\/page"}],"author":[{"embeddable":true,"href":"https:\/\/asl-la-chevauchee.fr\/index.php\/wp-json\/wp\/v2\/users\/1"}],"replies":[{"embeddable":true,"href":"https:\/\/asl-la-chevauchee.fr\/index.php\/wp-json\/wp\/v2\/comments?post=53"}],"version-history":[{"count":9,"href":"https:\/\/asl-la-chevauchee.fr\/index.php\/wp-json\/wp\/v2\/pages\/53\/revisions"}],"predecessor-version":[{"id":293,"href":"https:\/\/asl-la-chevauchee.fr\/index.php\/wp-json\/wp\/v2\/pages\/53\/revisions\/293"}],"wp:attachment":[{"href":"https:\/\/asl-la-chevauchee.fr\/index.php\/wp-json\/wp\/v2\/media?parent=53"}],"curies":[{"name":"wp","href":"https:\/\/api.w.org\/{rel}","templated":true}]}}