{"id":56,"date":"2022-05-05T14:47:28","date_gmt":"2022-05-05T12:47:28","guid":{"rendered":"http:\/\/new.asl-la-chevauchee.fr\/?page_id=56"},"modified":"2025-07-18T19:07:15","modified_gmt":"2025-07-18T17:07:15","slug":"historique","status":"publish","type":"page","link":"https:\/\/asl-la-chevauchee.fr\/index.php\/historique\/","title":{"rendered":"Historique"},"content":{"rendered":"\n<h2 class=\"wp-block-heading\">Pourquoi La Chevauch\u00e9e<\/h2>\n\n\n\n<p><\/p>\n\n\n\n<p>Le d\u00e9but de la construction de la R\u00e9sidence date de 1966. Elle est situ\u00e9e sur la rive droite du <em>Rouillon<\/em>, entre le CD117 (ancienne voie de Versailles \u00e0 Corbeil) et la ligne du RER (Versailles \u00e0 Juvisy, en prolongement vers Evry) et aux limites avec Epinay sur Orge (chemin de la Chevauch\u00e9e).<\/p>\n\n\n\n<p><\/p>\n\n\n\n<p>Le 3 rues de la R\u00e9sidence, baptis\u00e9es Lavoisier, Pascal et Voltaire, n\u2019ont aucun rapport avec une quelconque chevauch\u00e9e. La R\u00e9sidence est ins\u00e9r\u00e9e dans le Hameau de Balizy remarquable par son histoire templi\u00e8re. Une Commanderie Templi\u00e8re a \u00e9t\u00e9 fond\u00e9e en 1288 \u00e0 Balizy.<\/p>\n\n\n\n<p><\/p>\n\n\n\n<p>Il en reste peu de vestiges si ce n\u2019est un pont, appel\u00e9 Pont des Templiers, compos\u00e9 de trois arches romanes d\u00e9couverte avant 1914 et class\u00e9 Monument Historique le 11 octobre 1930 gr\u00e2ce \u00e0 Albert Chaudun arch\u00e9ologue. Le ruisseau Rouillon traverse l\u2019arche principale,<br>il s\u2019appelait le <em>Ru Lion <\/em>d\u2019o\u00f9 le <em>Rouillon<\/em>. Il se jette ensuite dans l\u2019Yvette.<\/p>\n\n\n\n<p><\/p>\n\n\n\n<p>La R\u00e9sidence d\u00e9tient et entretient le demi Rouillon, la rive le long de son domaine d\u2019espace vert.<br>Le pont construit par les <em>Chevaliers du Temple<\/em> au XIII\u00e8me si\u00e8cle laisse \u00e0 penser qu\u2019il existait bien des chevaux avec de beaux Chevaliers qui les montaient dans une belle chevauch\u00e9e, \u00ab\u00a0La Chevauch\u00e9e\u00a0\u00bb !<br><\/p>\n\n\n<div class=\"wp-block-image\">\n<figure class=\"aligncenter size-full is-resized\"><img loading=\"lazy\" decoding=\"async\" width=\"324\" height=\"516\" src=\"http:\/\/new.asl-la-chevauchee.fr\/wp-content\/uploads\/2022\/05\/TEMPLIER.jpg\" alt=\"\" class=\"wp-image-57\" style=\"width:324px;height:516px\" srcset=\"https:\/\/asl-la-chevauchee.fr\/wp-content\/uploads\/2022\/05\/TEMPLIER.jpg 324w, https:\/\/asl-la-chevauchee.fr\/wp-content\/uploads\/2022\/05\/TEMPLIER-188x300.jpg 188w\" sizes=\"auto, (max-width: 324px) 100vw, 324px\" \/><\/figure>\n<\/div>\n\n\n<p><br>Tous les ans, <em>Les M\u00e9di\u00e9vales<\/em> sont organis\u00e9es avec l\u2019ALBG et Longjumeau au Bois des Templiers de Balizy.<\/p>\n\n\n\n<p><\/p>\n\n\n\n<p><\/p>\n\n\n\n<h2 class=\"wp-block-heading\">Historique<\/h2>\n\n\n\n<p><\/p>\n\n\n\n<p class=\"has-medium-font-size\"><small>La SCI d&rsquo;origine (en 1966) a \u00e9t\u00e9 dissoute lors de l&rsquo;AG du 8 mai 1981.<br>L&rsquo;ASL R\u00e9sidence La Chevauch\u00e9e a succ\u00e9d\u00e9 \u00e0 la SCI (annonce l\u00e9gale en1986).<br>Les modifications du Cahier des charges et du R\u00e8glement de copropri\u00e9t\u00e9 et les Statuts ont \u00e9t\u00e9 mises \u00e0 jour par le Conseil syndical en 2013 et en 2017.<br>Seule subsiste la copropri\u00e9t\u00e9 des espaces verts et du local syndical(au 1ter rue Lavoisier) de l&rsquo;ASL.<br>Les parties en toute propri\u00e9t\u00e9 sont d\u00e8s lors constitu\u00e9es des maisons et des jardins privatifs.<br>Les rues, les trottoirs et les parkings et l&rsquo;\u00e9clairage ont \u00e9t\u00e9 r\u00e9troc\u00e9d\u00e9s \u00e0 la mairie le 18 juin 1973.<br>L&rsquo;AG extraordinaire de novembre 2018 a permis de finaliser le classement des hypoth\u00e8ques de la voirie avec la Mairie et le notaire.<\/small><\/p>\n\n\n\n<p><\/p>\n\n\n\n<h4 class=\"wp-block-heading\">Plan cadastral<\/h4>\n\n\n\n<p><\/p>\n\n\n\n<figure class=\"wp-block-image size-full\"><img loading=\"lazy\" decoding=\"async\" width=\"900\" height=\"565\" src=\"http:\/\/new.asl-la-chevauchee.fr\/wp-content\/uploads\/2022\/05\/Plan_cadastral.jpeg\" alt=\"\" class=\"wp-image-67\" srcset=\"https:\/\/asl-la-chevauchee.fr\/wp-content\/uploads\/2022\/05\/Plan_cadastral.jpeg 900w, https:\/\/asl-la-chevauchee.fr\/wp-content\/uploads\/2022\/05\/Plan_cadastral-300x188.jpeg 300w, https:\/\/asl-la-chevauchee.fr\/wp-content\/uploads\/2022\/05\/Plan_cadastral-768x482.jpeg 768w\" sizes=\"auto, (max-width: 900px) 100vw, 900px\" \/><\/figure>\n\n\n\n<p><\/p>\n\n\n\n<p><\/p>\n\n\n\n<p class=\"has-medium-font-size\" style=\"font-style:normal;font-weight:700\">R\u00e9trocession de la voirie<\/p>\n\n\n\n<p><a href=\"http:\/\/asl-la-chevauchee.fr\/wp-content\/uploads\/2025\/07\/DEL25-06-06-Transfert-doffice-voiries-Res.-Chevauchee-dans-domaine-public.pdf\" data-type=\"link\" data-id=\"http:\/\/asl-la-chevauchee.fr\/wp-content\/uploads\/2025\/07\/DEL25-06-06-Transfert-doffice-voiries-Res.-Chevauchee-dans-domaine-public.pdf\">le conseil municipal<\/a> du 30 juin 2025 a officiellement int\u00e9gr\u00e9 les voies de la r\u00e9sidence dans le domaine public<\/p>\n\n\n\n<p><\/p>\n\n\n\n<p><\/p>\n\n\n\n<h4 class=\"wp-block-heading\">Annonce l\u00e9gale sur les r\u00e9publicains du 22\/05\/1986<\/h4>\n\n\n\n<p><\/p>\n\n\n\n<p><a href=\"http:\/\/asl-la-chevauchee.fr\/wp-content\/uploads\/2023\/02\/1986-Annonce-legale.pdf\" data-type=\"URL\" data-id=\"http:\/\/asl-la-chevauchee.fr\/wp-content\/uploads\/2023\/02\/1986-Annonce-legale.pdf\" target=\"_blank\" rel=\"noreferrer noopener\">Annonce l\u00e9gale<\/a><\/p>\n\n\n\n<p><\/p>\n\n\n\n<h4 class=\"wp-block-heading\">D\u00e9claration \u00e0 la sous-pr\u00e9fecture de Palaiseau le 15\/11\/2013, JO du 30\/11\/2013<\/h4>\n\n\n\n<p><a href=\"http:\/\/asl-la-chevauchee.fr\/wp-content\/uploads\/2023\/02\/2013-JO-30-11.pdf\" data-type=\"URL\" data-id=\"http:\/\/asl-la-chevauchee.fr\/wp-content\/uploads\/2023\/02\/2013-JO-30-11.pdf\" target=\"_blank\" rel=\"noreferrer noopener\">Lien<\/a><\/p>\n\n\n\n<p><\/p>\n\n\n\n<h4 class=\"wp-block-heading\">D\u00e9claration \u00e0 la sous-pr\u00e9fecture de Palaiseau le 19\/12\/2017, JO du 23\/12\/2017<\/h4>\n\n\n\n<p><a href=\"http:\/\/asl-la-chevauchee.fr\/wp-content\/uploads\/2023\/02\/2017-JO-23-12.pdf\" data-type=\"URL\" data-id=\"http:\/\/asl-la-chevauchee.fr\/wp-content\/uploads\/2023\/02\/2017-JO-23-12.pdf\" target=\"_blank\" rel=\"noreferrer noopener\">L<\/a><a href=\"http:\/\/asl-la-chevauchee.fr\/wp-content\/uploads\/2023\/02\/2017-JO-23-12.pdf\" data-type=\"URL\" data-id=\"http:\/\/asl-la-chevauchee.fr\/wp-content\/uploads\/2023\/02\/2017-JO-23-12.pdf\">ien<\/a><\/p>\n\n\n\n<p><\/p>\n","protected":false},"excerpt":{"rendered":"<p>Pourquoi La Chevauch\u00e9e Le d\u00e9but de la construction de la R\u00e9sidence date de 1966. Elle est situ\u00e9e sur la rive droite du Rouillon, entre le CD117 (ancienne voie de Versailles \u00e0 Corbeil) et la ligne du RER (Versailles \u00e0 Juvisy, en prolongement vers Evry) et aux limites avec Epinay sur Orge (chemin de la Chevauch\u00e9e). [&hellip;]<\/p>\n","protected":false},"author":1,"featured_media":0,"parent":0,"menu_order":0,"comment_status":"closed","ping_status":"closed","template":"","meta":{"footnotes":""},"class_list":["post-56","page","type-page","status-publish","hentry"],"_links":{"self":[{"href":"https:\/\/asl-la-chevauchee.fr\/index.php\/wp-json\/wp\/v2\/pages\/56","targetHints":{"allow":["GET"]}}],"collection":[{"href":"https:\/\/asl-la-chevauchee.fr\/index.php\/wp-json\/wp\/v2\/pages"}],"about":[{"href":"https:\/\/asl-la-chevauchee.fr\/index.php\/wp-json\/wp\/v2\/types\/page"}],"author":[{"embeddable":true,"href":"https:\/\/asl-la-chevauchee.fr\/index.php\/wp-json\/wp\/v2\/users\/1"}],"replies":[{"embeddable":true,"href":"https:\/\/asl-la-chevauchee.fr\/index.php\/wp-json\/wp\/v2\/comments?post=56"}],"version-history":[{"count":11,"href":"https:\/\/asl-la-chevauchee.fr\/index.php\/wp-json\/wp\/v2\/pages\/56\/revisions"}],"predecessor-version":[{"id":402,"href":"https:\/\/asl-la-chevauchee.fr\/index.php\/wp-json\/wp\/v2\/pages\/56\/revisions\/402"}],"wp:attachment":[{"href":"https:\/\/asl-la-chevauchee.fr\/index.php\/wp-json\/wp\/v2\/media?parent=56"}],"curies":[{"name":"wp","href":"https:\/\/api.w.org\/{rel}","templated":true}]}}